{"id":3312,"date":"2019-01-05T21:31:19","date_gmt":"2019-01-05T18:31:19","guid":{"rendered":"https:\/\/www.erdemyorukoglu.com\/tr\/?page_id=3312"},"modified":"2025-08-16T16:47:50","modified_gmt":"2025-08-16T13:47:50","slug":"diz-ve-ayak-bilegi-agrilari","status":"publish","type":"page","link":"https:\/\/www.erdemyorukoglu.com\/de\/tedaviler\/diz-ve-ayak-bilegi-agrilari\/","title":{"rendered":"KNIE UND KN\u00d6CHELSCHMERZ"},"content":{"rendered":"<div class=\"wpb-content-wrapper\">[vc_row full_width=&#8220;stretch_row&#8220; curly_padding=&#8220;content-padding-none&#8220;][vc_column curly_padding=&#8220;content-padding&#8220;][vc_column_text]\n<h1 style=\"text-align: center;\"><strong>KNIE UND KN\u00d6CHELSCHMERZ<\/strong><\/h1>\n[\/vc_column_text][\/vc_column][\/vc_row][vc_row curly_padding=&#8220;content-padding-xs&#8220;][vc_column width=&#8220;1\/2&#8243;][vc_single_image image=&#8220;3321&#8243; img_size=&#8220;large&#8220; style=&#8220;img-frame-large&#8220; css_animation=&#8220;none&#8220;][vc_column_text]Knie- und Kn\u00f6chelschmerzen k\u00f6nnen die Ursache vieler medizinischer Gr\u00fcnde sein, aber aufgrund der Informationen, die wir von Patienten erhalten, kann ein sitzendes Leben und als Folge dies kann der \u00dcbergewicht die Belastung des Knies und des Sprunggelenks erh\u00f6hen und in diesen Regionen \u00a0degenerative Ver\u00e4nderungen bewirken und kann sich mit Schmerzen zeigen.<\/p>\n<p>Die h\u00e4ufigsten Ursachen f\u00fcr Knieschmerzen sind &#8218;Belastung und Verstauchungen&#8216; (42%). Danach tritt eine Arthrose (34%) auf. Es folgen Meniskusverletzungen (9%), Kollateralsch\u00e4den (7%) und Vernetzungsverletzungen.<\/p>\n<h3><strong>Belastung und Verstauchungen<\/strong><\/h3>\n<p>Muskeln und Gelenkstrukturen in unserem K\u00f6rper haben eine bestimmte physiologische Kapazit\u00e4t in Bezug auf Bewegungen und Bewegungen \u00fcber diese Kapazit\u00e4ten oder die \u00dcberwindung dieser Kapazit\u00e4ten, wie \u00dcbergewicht, Alterszust\u00e4nde k\u00f6nnen kleine Verletzungen oder entz\u00fcndliche Prozesse in diesen Strukturen verursachen. Diese Verletzungen k\u00f6nnen Gelenks- und Muskelbewegungen Einschr\u00e4nkungen verursachen und k\u00f6nnen zu schmerzhaften Bewegungen f\u00fchren.[\/vc_column_text][\/vc_column][vc_column width=&#8220;1\/2&#8243;][vc_single_image image=&#8220;3320&#8243; img_size=&#8220;large&#8220; style=&#8220;img-frame-large&#8220; css_animation=&#8220;none&#8220;][vc_column_text]\n<h3><strong>Arthrose<\/strong><\/h3>\n<p>Osteoarthritis (OA) ist die \u00e4lteste bekannte rheumatische Erkrankung. Die radiologischen Befunde einer Arthrose sind bei der Mehrzahl der Menschen \u00fcber 65 und 80% der \u00fcber 75-J\u00e4hrigen zu sehen. Die h\u00e4ufigsten Knie, H\u00e4nde und H\u00fcften werden jeweils gehalten. In einer britischen Studie wurde gezeigt, dass 2,8% der erwerbst\u00e4tigen M\u00e4nner und 1,3% der Frauen aufgrund von Problemen im Zusammenhang mit Arthrose in den Ruhestand gehen mussten und dass 4-7 Millionen Arbeitstage pro Jahr aufgrund von OA oder Koexistenz verloren gingen. In der Pathogenese der Arthrose werden genetische Veranlagung, Trauma, Entz\u00fcndungen, biochemische, metabolische, Umweltfaktoren und biomechanische Faktoren erw\u00e4hnt. OA-Patienten klagen meistens \u00fcber Steifheit, Instabilit\u00e4t und Funktionsverlust in den Gelenken. Es wird beobachtet, dass OA ein schwerwiegendes Gesundheitsproblem darstellt und langfristig zu Behinderungen f\u00fchrt. Osteoarthritis des Knies verursacht eine teilweise Behinderung, da es Probleme bei Aktivit\u00e4ten wie Aufsitzen und Klettern, Treppensteigen, Hocken, Aufstehen und Gehen verursacht. Obwohl es bei der Arthrose keine Behandlung gibt, die die strukturellen Ver\u00e4nderungen regeneriert und die Krankheit heilt, k\u00f6nnen die Schmerzen des Patienten gelindert, die Gelenkfunktionen korrigiert oder gesch\u00fctzt werden und die Funktionsverluste k\u00f6nnen durch die f\u00fcr den Patienten geplante Behandlung begrenzt werden. Die Behandlungsziele bei Arthrose k\u00f6nnen als Kontrolle von Schmerzen und anderen Symptomen, Verbesserung der Funktion, Verbesserung der Lebensqualit\u00e4t und, wenn m\u00f6glich, Verringerung der mit der Behandlung verbundenen Nebenwirkungen, zusammengefasst werden.[\/vc_column_text][\/vc_column][\/vc_row][vc_row curly_padding=&#8220;content-padding-xs&#8220;][vc_column width=&#8220;1\/2&#8243;][vc_single_image image=&#8220;3314&#8243; img_size=&#8220;large&#8220; style=&#8220;img-frame-large&#8220; css_animation=&#8220;none&#8220;][vc_column_text]\n<h3><strong>Meniskus<\/strong><\/h3>\n<p>Der Meniskus befindet sich auf der Oberseite des Tibiaknochens, bikonverse Fibroknorpelscheibenstruktur. Die \u00e4u\u00dfersten Abschnitte der Menisci, deren Abschnitte als Halbinsel ausgebildet sind, sind dick und konvex. Der Meniskus bringt zwei oder drei H\u00f6rner an der Vorder- und R\u00fcckseite des Knochens an. Der mediale wird als innerer Meniskus und der laterale als \u00e4u\u00dferer Meniskus bezeichnet. Der \u00e4u\u00dfere Meniskus ist dicker und die H\u00f6rner liegen n\u00e4her zueinander.<\/p>\n<p>Der Meniskus ist beweglich und bewegt sich vorw\u00e4rts, wenn das Bein gerade gehalten wird, und r\u00fcckw\u00e4rts, wenn es gebogen wird. Elastische Fasern in der Meniskusstruktur k\u00f6nnen sich nach jeder Bewegung mit engen Adh\u00e4sionsstellen im Vorder- und Hinterhorn leicht in ihre anatomische Position drehen. Auf diese Weise bewegen sie sich kontinuierlich zwischen zwei miteinander inkompatiblen Knochen und setzen ihre Beziehungen fort.<\/p>\n<p>Der wichtigste Teil der Meniskusaufgaben ist die Last\u00fcbertragung. Die biomechanischen Untersuchungen haben gezeigt, dass der Knorpel die Belastungen in bis zu 40-90% von oben oder unten auf die gegen\u00fcberliegende Seite \u00fcbertr\u00e4gt. Wenn die Menisci entfernt werden, wird die Kontaktfl\u00e4che stark reduziert, was ein Grund f\u00fcr zuk\u00fcnftige Widrigkeiten ist. Das Lernen dieser Informationen hat gezeigt, dass wir mehr Gr\u00fcnde f\u00fcr den Meniskusschutz haben. Heutzutage werden weniger Versuche f\u00fcr Meniskus gemacht. Menisken, die durch das geringste Problem in der Vergangenheit leicht geopfert wurde, wird nun die angesehensten Einwohner des Verzeichnisses betrachtet.[\/vc_column_text][\/vc_column][vc_column width=&#8220;1\/2&#8243;][vc_single_image image=&#8220;3315&#8243; img_size=&#8220;large&#8220; style=&#8220;img-frame-large&#8220; css_animation=&#8220;none&#8220;][vc_column_text]Im Meniskus werden die R\u0130sse w\u00e4hrend der Hemmung ihrer Bewegungen durch eine Drehung nach innen oder nach au\u00dfen gebildet. Die h\u00e4ufigsten Beispiele f\u00fcr Bruch k\u00f6nnen im Zusammenhang mit Fu\u00dfball gegeben werden. Weil Fu\u00dfballspieler in Spielen oder im Training mehr Belastungen als normal erleben. Er h\u00e4lt den Fu\u00df mit den Steigeisen des Fu\u00dfballers auf dem Boden und wirft oder tritt \u00fcber das leicht verdrehte Knie. Der Meniskus ist mit unkontrollierter oder abnormaler Rotation im Knie \u00fcberlastet, wenn der Fu\u00df stillsteht. Wenn eine ausreichende Muskelkraft diesen Belastungen nicht gewachsen ist, ist ein Bruch unumg\u00e4nglich. Daher entwickeln sich Meniskusrisse im Kontaktsport normalerweise auf einem leicht verdrehten Knie, wobei das Gelenk zu stark gedreht wird. Die Verletzung erfolgt in direktem Verh\u00e4ltnis zur Schwere und Dauer der Verletzung. Aufgrund der im Laufe der Zeit getroffenen Ma\u00dfnahmen und der starken Muskelstruktur wird erwartet, dass diese Verletzung zu einer Verringerung f\u00fchrt. Das Prinzip der Steigerung von Geschwindigkeit und Kraft im Fu\u00dfball hat jedoch nicht zu einer Verringerung der Verletzungsrate gef\u00fchrt.<\/p>\n<p>Akupunkturbehandlung f\u00fchrt zu positiven Ergebnissen bei Knie- und Kn\u00f6chelschmerzen. Wenn der Patient w\u00e4hrend der Behandlung zu viel Gewicht hat, wirkt sich die Beibehaltung der Gewichtskontrolle positiv auf den Behandlungsverlauf aus. Denn \u00dcbergewicht macht sich vor allem in den Gelenken bemerkbar und beeintr\u00e4chtigt den Heilungsprozess der Gegend. Akupunktursitzungen sollten einmal pro Woche f\u00fcr insgesamt 10-15 Sitzungen durchgef\u00fchrt werden. Nach Abschluss der Behandlungszeit sollten Erinnerungssitzungen zu bestimmten Zeitpunkten und bei wiederholten Beschwerden durchgef\u00fchrt werden.[\/vc_column_text][\/vc_column][\/vc_row]\n<\/div>","protected":false},"excerpt":{"rendered":"<p>[vc_row full_width=&#8220;stretch_row&#8220; curly_padding=&#8220;content-padding-none&#8220;][vc_column curly_padding=&#8220;content-padding&#8220;][vc_column_text] KNIE UND KN\u00d6CHELSCHMERZ [\/vc_column_text][\/vc_column][\/vc_row][vc_row curly_padding=&#8220;content-padding-xs&#8220;][vc_column width=&#8220;1\/2&#8243;][vc_single_image image=&#8220;3321&#8243; img_size=&#8220;large&#8220; style=&#8220;img-frame-large&#8220; css_animation=&#8220;none&#8220;][vc_column_text]Knie- und Kn\u00f6chelschmerzen k\u00f6nnen die Ursache vieler medizinischer Gr\u00fcnde sein, aber aufgrund der Informationen, die wir von Patienten erhalten, kann ein sitzendes Leben und als Folge dies kann der \u00dcbergewicht die Belastung des Knies und des Sprunggelenks erh\u00f6hen und in diesen Regionen \u00a0degenerative Ver\u00e4nderungen bewirken und kann [&hellip;]<\/p>\n","protected":false},"author":1,"featured_media":0,"parent":2995,"menu_order":0,"comment_status":"closed","ping_status":"closed","template":"","meta":{"inline_featured_image":false,"footnotes":""},"class_list":["post-3312","page","type-page","status-publish","hentry"],"yoast_head":"<!-- This site is optimized with the Yoast SEO plugin v25.7 - https:\/\/yoast.com\/wordpress\/plugins\/seo\/ -->\n<title>KNIE UND KN\u00d6CHELSCHMERZKNIE UND KN\u00d6CHELSCHMERZErdem Y\u00f6r\u00fcko\u011flu \/\/ Manuel Terapi, Fizyoterapist, Ankara - KNIE UND KN\u00d6CHELSCHMERZ<\/title>\n<meta name=\"description\" content=\"Diz ve ayak bilek a\u011fr\u0131lar\u0131n\u0131n bir \u00e7ok t\u0131bbi sebebi olabilmekte fakat daha \u00e7ok takip etti\u011fimiz hastalardan edindi\u011fimiz bilgilere g\u00f6re hareketsiz bir ya\u015fam ve bunun sonucunda olu\u015fan a\u015f\u0131r\u0131 kilolarda diz ve ayak bile\u011fine binen y\u00fck\u00fc art\u0131rarak bu b\u00f6lgelerde dejeneratif de\u011fi\u015fiklikler yapmakta ve a\u011fr\u0131 ile kendini g\u00f6sterebilmektedir.\" \/>\n<meta name=\"robots\" content=\"index, follow, max-snippet:-1, max-image-preview:large, max-video-preview:-1\" \/>\n<link rel=\"canonical\" href=\"https:\/\/www.erdemyorukoglu.com\/de\/tedaviler\/diz-ve-ayak-bilegi-agrilari\/\" \/>\n<meta property=\"og:locale\" content=\"de_DE\" \/>\n<meta property=\"og:locale:alternate\" content=\"tr_TR\" \/>\n<meta property=\"og:locale:alternate\" content=\"en_US\" \/>\n<meta property=\"og:type\" content=\"article\" \/>\n<meta property=\"og:title\" content=\"KNIE UND KN\u00d6CHELSCHMERZKNIE UND KN\u00d6CHELSCHMERZErdem Y\u00f6r\u00fcko\u011flu \/\/ Manuel Terapi, Fizyoterapist, Ankara - KNIE UND KN\u00d6CHELSCHMERZ\" \/>\n<meta property=\"og:description\" content=\"Diz ve ayak bilek a\u011fr\u0131lar\u0131n\u0131n bir \u00e7ok t\u0131bbi sebebi olabilmekte fakat daha \u00e7ok takip etti\u011fimiz hastalardan edindi\u011fimiz bilgilere g\u00f6re hareketsiz bir ya\u015fam ve bunun sonucunda olu\u015fan a\u015f\u0131r\u0131 kilolarda diz ve ayak bile\u011fine binen y\u00fck\u00fc art\u0131rarak bu b\u00f6lgelerde dejeneratif de\u011fi\u015fiklikler yapmakta ve a\u011fr\u0131 ile kendini g\u00f6sterebilmektedir.\" \/>\n<meta property=\"og:url\" content=\"https:\/\/www.erdemyorukoglu.com\/de\/tedaviler\/diz-ve-ayak-bilegi-agrilari\/\" \/>\n<meta property=\"og:site_name\" content=\"Erdem Y\u00f6r\u00fcko\u011flu \/\/ Manuel Terapi, Fizyoterapist, Ankara\" \/>\n<meta property=\"article:modified_time\" content=\"2025-08-16T13:47:50+00:00\" \/>\n<meta property=\"og:image\" content=\"https:\/\/www.erdemyorukoglu.com\/wp-content\/uploads\/2019\/01\/diz_2.jpg\" \/>\n\t<meta property=\"og:image:width\" content=\"800\" \/>\n\t<meta property=\"og:image:height\" content=\"1000\" \/>\n\t<meta property=\"og:image:type\" content=\"image\/jpeg\" \/>\n<meta name=\"twitter:card\" content=\"summary_large_image\" \/>\n<meta name=\"twitter:label1\" content=\"Gesch\u00e4tzte Lesezeit\" \/>\n\t<meta name=\"twitter:data1\" content=\"5\u00a0Minuten\" \/>\n<script type=\"application\/ld+json\" class=\"yoast-schema-graph\">{\"@context\":\"https:\/\/schema.org\",\"@graph\":[{\"@type\":\"WebPage\",\"@id\":\"https:\/\/www.erdemyorukoglu.com\/tr\/tedaviler\/diz-ve-ayak-bilegi-agrilari\/\",\"url\":\"https:\/\/www.erdemyorukoglu.com\/tr\/tedaviler\/diz-ve-ayak-bilegi-agrilari\/\",\"name\":\"KNIE UND KN\u00d6CHELSCHMERZKNIE UND KN\u00d6CHELSCHMERZErdem Y\u00f6r\u00fcko\u011flu \/\/ Manuel Terapi, Fizyoterapist, Ankara - KNIE UND KN\u00d6CHELSCHMERZ\",\"isPartOf\":{\"@id\":\"https:\/\/www.erdemyorukoglu.com\/en\/#website\"},\"datePublished\":\"2019-01-05T18:31:19+00:00\",\"dateModified\":\"2025-08-16T13:47:50+00:00\",\"description\":\"Diz ve ayak bilek a\u011fr\u0131lar\u0131n\u0131n bir \u00e7ok t\u0131bbi sebebi olabilmekte fakat daha \u00e7ok takip etti\u011fimiz hastalardan edindi\u011fimiz bilgilere g\u00f6re hareketsiz bir ya\u015fam ve bunun sonucunda olu\u015fan a\u015f\u0131r\u0131 kilolarda diz ve ayak bile\u011fine binen y\u00fck\u00fc art\u0131rarak bu b\u00f6lgelerde dejeneratif de\u011fi\u015fiklikler yapmakta ve a\u011fr\u0131 ile kendini g\u00f6sterebilmektedir.\",\"breadcrumb\":{\"@id\":\"https:\/\/www.erdemyorukoglu.com\/tr\/tedaviler\/diz-ve-ayak-bilegi-agrilari\/#breadcrumb\"},\"inLanguage\":\"de-DE\",\"potentialAction\":[{\"@type\":\"ReadAction\",\"target\":[\"https:\/\/www.erdemyorukoglu.com\/tr\/tedaviler\/diz-ve-ayak-bilegi-agrilari\/\"]}]},{\"@type\":\"BreadcrumbList\",\"@id\":\"https:\/\/www.erdemyorukoglu.com\/tr\/tedaviler\/diz-ve-ayak-bilegi-agrilari\/#breadcrumb\",\"itemListElement\":[{\"@type\":\"ListItem\",\"position\":1,\"name\":\"MANUEL TERAP\u0130 ANKARA %%sep%% %%sitename%%\",\"item\":\"https:\/\/www.erdemyorukoglu.com\/de\/\"},{\"@type\":\"ListItem\",\"position\":2,\"name\":\"TEDAV\u0130LER\",\"item\":\"https:\/\/www.erdemyorukoglu.com\/en\/tedaviler\/\"},{\"@type\":\"ListItem\",\"position\":3,\"name\":\"D\u0130Z ve AYAK B\u0130LE\u011e\u0130 A\u011eRILARI\"}]},{\"@type\":\"WebSite\",\"@id\":\"https:\/\/www.erdemyorukoglu.com\/en\/#website\",\"url\":\"https:\/\/www.erdemyorukoglu.com\/en\/\",\"name\":\"Erdem Y\u00f6r\u00fcko\u011flu \/\/ Manuel Terapi, Fizyoterapist, Ankara\",\"description\":\"Manuel Terapi, Kayropraktik, Fizyoterapi, Bel ve Boyun F\u0131t\u0131\u011f\u0131, Lenf\u00f6dem Tedavisi, Gyrotonic, Skolyoz, Ankara\",\"publisher\":{\"@id\":\"https:\/\/www.erdemyorukoglu.com\/en\/#\/schema\/person\/854314645f5beb1ce61d3d55971d52e1\"},\"potentialAction\":[{\"@type\":\"SearchAction\",\"target\":{\"@type\":\"EntryPoint\",\"urlTemplate\":\"https:\/\/www.erdemyorukoglu.com\/en\/?s={search_term_string}\"},\"query-input\":{\"@type\":\"PropertyValueSpecification\",\"valueRequired\":true,\"valueName\":\"search_term_string\"}}],\"inLanguage\":\"de-DE\"},{\"@type\":[\"Person\",\"Organization\"],\"@id\":\"https:\/\/www.erdemyorukoglu.com\/en\/#\/schema\/person\/854314645f5beb1ce61d3d55971d52e1\",\"name\":\"Erdem Y\u00f6r\u00fcko\u011flu\",\"image\":{\"@type\":\"ImageObject\",\"inLanguage\":\"de-DE\",\"@id\":\"https:\/\/www.erdemyorukoglu.com\/en\/#\/schema\/person\/image\/\",\"url\":\"https:\/\/www.erdemyorukoglu.com\/wp-content\/uploads\/2018\/11\/fav-icon-1.png\",\"contentUrl\":\"https:\/\/www.erdemyorukoglu.com\/wp-content\/uploads\/2018\/11\/fav-icon-1.png\",\"width\":512,\"height\":512,\"caption\":\"Erdem Y\u00f6r\u00fcko\u011flu\"},\"logo\":{\"@id\":\"https:\/\/www.erdemyorukoglu.com\/en\/#\/schema\/person\/image\/\"}}]}<\/script>\n<!-- \/ Yoast SEO plugin. -->","yoast_head_json":{"title":"KNIE UND KN\u00d6CHELSCHMERZKNIE UND KN\u00d6CHELSCHMERZErdem Y\u00f6r\u00fcko\u011flu \/\/ Manuel Terapi, Fizyoterapist, Ankara - KNIE UND KN\u00d6CHELSCHMERZ","description":"Diz ve ayak bilek a\u011fr\u0131lar\u0131n\u0131n bir \u00e7ok t\u0131bbi sebebi olabilmekte fakat daha \u00e7ok takip etti\u011fimiz hastalardan edindi\u011fimiz bilgilere g\u00f6re hareketsiz bir ya\u015fam ve bunun sonucunda olu\u015fan a\u015f\u0131r\u0131 kilolarda diz ve ayak bile\u011fine binen y\u00fck\u00fc art\u0131rarak bu b\u00f6lgelerde dejeneratif de\u011fi\u015fiklikler yapmakta ve a\u011fr\u0131 ile kendini g\u00f6sterebilmektedir.","robots":{"index":"index","follow":"follow","max-snippet":"max-snippet:-1","max-image-preview":"max-image-preview:large","max-video-preview":"max-video-preview:-1"},"canonical":"https:\/\/www.erdemyorukoglu.com\/de\/tedaviler\/diz-ve-ayak-bilegi-agrilari\/","og_locale":"de_DE","og_type":"article","og_title":"[:tr][:tr]D\u0130Z ve AYAK B\u0130LE\u011e\u0130 A\u011eRILARI[:en]KNEE AND ANKLE PAINS[:de]KNIE UND KN\u00d6CHELSCHMERZ[:] - Erdem Y\u00f6r\u00fcko\u011flu \/\/ Manuel Terapi, Fizyoterapist, Ankara[:en][:tr]D\u0130Z ve AYAK B\u0130LE\u011e\u0130 A\u011eRILARI[:en]KNEE AND ANKLE PAINS[:de]KNIE UND KN\u00d6CHELSCHMERZ[:] - Erdem Y\u00f6r\u00fcko\u011flu \/\/ Manuel Terapi, Fizyoterapist, Ankara[:de]Erdem Y\u00f6r\u00fcko\u011flu \/\/ Manuel Terapi, Fizyoterapist, Ankara - [:tr]D\u0130Z ve AYAK B\u0130LE\u011e\u0130 A\u011eRILARI[:en]KNEE AND ANKLE PAINS[:de]KNIE UND KN\u00d6CHELSCHMERZ[:][:]","og_description":"Diz ve ayak bilek a\u011fr\u0131lar\u0131n\u0131n bir \u00e7ok t\u0131bbi sebebi olabilmekte fakat daha \u00e7ok takip etti\u011fimiz hastalardan edindi\u011fimiz bilgilere g\u00f6re hareketsiz bir ya\u015fam ve bunun sonucunda olu\u015fan a\u015f\u0131r\u0131 kilolarda diz ve ayak bile\u011fine binen y\u00fck\u00fc art\u0131rarak bu b\u00f6lgelerde dejeneratif de\u011fi\u015fiklikler yapmakta ve a\u011fr\u0131 ile kendini g\u00f6sterebilmektedir.","og_url":"https:\/\/www.erdemyorukoglu.com\/de\/tedaviler\/diz-ve-ayak-bilegi-agrilari\/","og_site_name":"Erdem Y\u00f6r\u00fcko\u011flu \/\/ Manuel Terapi, Fizyoterapist, Ankara","article_modified_time":"2025-08-16T13:47:50+00:00","og_image":[{"width":800,"height":1000,"url":"https:\/\/www.erdemyorukoglu.com\/wp-content\/uploads\/2019\/01\/diz_2.jpg","type":"image\/jpeg"}],"twitter_card":"summary_large_image","twitter_misc":{"Gesch\u00e4tzte Lesezeit":"5\u00a0Minuten"},"schema":{"@context":"https:\/\/schema.org","@graph":[{"@type":"WebPage","@id":"https:\/\/www.erdemyorukoglu.com\/tr\/tedaviler\/diz-ve-ayak-bilegi-agrilari\/","url":"https:\/\/www.erdemyorukoglu.com\/tr\/tedaviler\/diz-ve-ayak-bilegi-agrilari\/","name":"KNIE UND KN\u00d6CHELSCHMERZKNIE UND KN\u00d6CHELSCHMERZErdem Y\u00f6r\u00fcko\u011flu \/\/ Manuel Terapi, Fizyoterapist, Ankara - KNIE UND KN\u00d6CHELSCHMERZ","isPartOf":{"@id":"https:\/\/www.erdemyorukoglu.com\/en\/#website"},"datePublished":"2019-01-05T18:31:19+00:00","dateModified":"2025-08-16T13:47:50+00:00","description":"Diz ve ayak bilek a\u011fr\u0131lar\u0131n\u0131n bir \u00e7ok t\u0131bbi sebebi olabilmekte fakat daha \u00e7ok takip etti\u011fimiz hastalardan edindi\u011fimiz bilgilere g\u00f6re hareketsiz bir ya\u015fam ve bunun sonucunda olu\u015fan a\u015f\u0131r\u0131 kilolarda diz ve ayak bile\u011fine binen y\u00fck\u00fc art\u0131rarak bu b\u00f6lgelerde dejeneratif de\u011fi\u015fiklikler yapmakta ve a\u011fr\u0131 ile kendini g\u00f6sterebilmektedir.","breadcrumb":{"@id":"https:\/\/www.erdemyorukoglu.com\/tr\/tedaviler\/diz-ve-ayak-bilegi-agrilari\/#breadcrumb"},"inLanguage":"de-DE","potentialAction":[{"@type":"ReadAction","target":["https:\/\/www.erdemyorukoglu.com\/tr\/tedaviler\/diz-ve-ayak-bilegi-agrilari\/"]}]},{"@type":"BreadcrumbList","@id":"https:\/\/www.erdemyorukoglu.com\/tr\/tedaviler\/diz-ve-ayak-bilegi-agrilari\/#breadcrumb","itemListElement":[{"@type":"ListItem","position":1,"name":"MANUEL TERAP\u0130 ANKARA %%sep%% %%sitename%%","item":"https:\/\/www.erdemyorukoglu.com\/de\/"},{"@type":"ListItem","position":2,"name":"TEDAV\u0130LER","item":"https:\/\/www.erdemyorukoglu.com\/en\/tedaviler\/"},{"@type":"ListItem","position":3,"name":"D\u0130Z ve AYAK B\u0130LE\u011e\u0130 A\u011eRILARI"}]},{"@type":"WebSite","@id":"https:\/\/www.erdemyorukoglu.com\/en\/#website","url":"https:\/\/www.erdemyorukoglu.com\/en\/","name":"Erdem Y\u00f6r\u00fcko\u011flu \/\/ Manuel Terapi, Fizyoterapist, Ankara","description":"Manuel Terapi, Kayropraktik, Fizyoterapi, Bel ve Boyun F\u0131t\u0131\u011f\u0131, Lenf\u00f6dem Tedavisi, Gyrotonic, Skolyoz, Ankara","publisher":{"@id":"https:\/\/www.erdemyorukoglu.com\/en\/#\/schema\/person\/854314645f5beb1ce61d3d55971d52e1"},"potentialAction":[{"@type":"SearchAction","target":{"@type":"EntryPoint","urlTemplate":"https:\/\/www.erdemyorukoglu.com\/en\/?s={search_term_string}"},"query-input":{"@type":"PropertyValueSpecification","valueRequired":true,"valueName":"search_term_string"}}],"inLanguage":"de-DE"},{"@type":["Person","Organization"],"@id":"https:\/\/www.erdemyorukoglu.com\/en\/#\/schema\/person\/854314645f5beb1ce61d3d55971d52e1","name":"Erdem Y\u00f6r\u00fcko\u011flu","image":{"@type":"ImageObject","inLanguage":"de-DE","@id":"https:\/\/www.erdemyorukoglu.com\/en\/#\/schema\/person\/image\/","url":"https:\/\/www.erdemyorukoglu.com\/wp-content\/uploads\/2018\/11\/fav-icon-1.png","contentUrl":"https:\/\/www.erdemyorukoglu.com\/wp-content\/uploads\/2018\/11\/fav-icon-1.png","width":512,"height":512,"caption":"Erdem Y\u00f6r\u00fcko\u011flu"},"logo":{"@id":"https:\/\/www.erdemyorukoglu.com\/en\/#\/schema\/person\/image\/"}}]}},"_links":{"self":[{"href":"https:\/\/www.erdemyorukoglu.com\/de\/wp-json\/wp\/v2\/pages\/3312","targetHints":{"allow":["GET"]}}],"collection":[{"href":"https:\/\/www.erdemyorukoglu.com\/de\/wp-json\/wp\/v2\/pages"}],"about":[{"href":"https:\/\/www.erdemyorukoglu.com\/de\/wp-json\/wp\/v2\/types\/page"}],"author":[{"embeddable":true,"href":"https:\/\/www.erdemyorukoglu.com\/de\/wp-json\/wp\/v2\/users\/1"}],"replies":[{"embeddable":true,"href":"https:\/\/www.erdemyorukoglu.com\/de\/wp-json\/wp\/v2\/comments?post=3312"}],"version-history":[{"count":8,"href":"https:\/\/www.erdemyorukoglu.com\/de\/wp-json\/wp\/v2\/pages\/3312\/revisions"}],"predecessor-version":[{"id":3730,"href":"https:\/\/www.erdemyorukoglu.com\/de\/wp-json\/wp\/v2\/pages\/3312\/revisions\/3730"}],"up":[{"embeddable":true,"href":"https:\/\/www.erdemyorukoglu.com\/de\/wp-json\/wp\/v2\/pages\/2995"}],"wp:attachment":[{"href":"https:\/\/www.erdemyorukoglu.com\/de\/wp-json\/wp\/v2\/media?parent=3312"}],"curies":[{"name":"wp","href":"https:\/\/api.w.org\/{rel}","templated":true}]}}